{"version":"1.0","provider_name":"Vertex","provider_url":"https:\/\/vertexcommotion.ca\/en","title":"Quand la commotion c\u00e9r\u00e9brale m\u00e8ne \u00e0 l\u2019anxi\u00e9t\u00e9\u00a0 - Vertex","type":"rich","width":600,"height":338,"html":"<blockquote class=\"wp-embedded-content\" data-secret=\"8G70X51Jkk\"><a href=\"https:\/\/vertexcommotion.ca\/en\/2025\/11\/12\/quand-la-commotion-cerebrale-mene-a-lanxiete\/\">Quand la commotion c\u00e9r\u00e9brale m\u00e8ne \u00e0 l\u2019anxi\u00e9t\u00e9\u00a0<\/a><\/blockquote><iframe sandbox=\"allow-scripts\" security=\"restricted\" src=\"https:\/\/vertexcommotion.ca\/en\/2025\/11\/12\/quand-la-commotion-cerebrale-mene-a-lanxiete\/embed\/#?secret=8G70X51Jkk\" width=\"600\" height=\"338\" title=\"&#8220;Quand la commotion c\u00e9r\u00e9brale m\u00e8ne \u00e0 l\u2019anxi\u00e9t\u00e9\u00a0&#8221; &#8212; Vertex\" data-secret=\"8G70X51Jkk\" frameborder=\"0\" marginwidth=\"0\" marginheight=\"0\" scrolling=\"no\" class=\"wp-embedded-content\"><\/iframe><script type=\"text\/javascript\">\n\/* <![CDATA[ *\/\n\/*! This file is auto-generated *\/\n!function(d,l){\"use strict\";l.querySelector&&d.addEventListener&&\"undefined\"!=typeof URL&&(d.wp=d.wp||{},d.wp.receiveEmbedMessage||(d.wp.receiveEmbedMessage=function(e){var t=e.data;if((t||t.secret||t.message||t.value)&&!\/[^a-zA-Z0-9]\/.test(t.secret)){for(var s,r,n,a=l.querySelectorAll('iframe[data-secret=\"'+t.secret+'\"]'),o=l.querySelectorAll('blockquote[data-secret=\"'+t.secret+'\"]'),c=new RegExp(\"^https?:$\",\"i\"),i=0;i<o.length;i++)o[i].style.display=\"none\";for(i=0;i<a.length;i++)s=a[i],e.source===s.contentWindow&&(s.removeAttribute(\"style\"),\"height\"===t.message?(1e3<(r=parseInt(t.value,10))?r=1e3:~~r<200&&(r=200),s.height=r):\"link\"===t.message&&(r=new URL(s.getAttribute(\"src\")),n=new URL(t.value),c.test(n.protocol))&&n.host===r.host&&l.activeElement===s&&(d.top.location.href=t.value))}},d.addEventListener(\"message\",d.wp.receiveEmbedMessage,!1),l.addEventListener(\"DOMContentLoaded\",function(){for(var e,t,s=l.querySelectorAll(\"iframe.wp-embedded-content\"),r=0;r<s.length;r++)(t=(e=s[r]).getAttribute(\"data-secret\"))||(t=Math.random().toString(36).substring(2,12),e.src+=\"#?secret=\"+t,e.setAttribute(\"data-secret\",t)),e.contentWindow.postMessage({message:\"ready\",secret:t},\"*\")},!1)))}(window,document);\n\/\/# sourceURL=https:\/\/vertexcommotion.ca\/wp-includes\/js\/wp-embed.min.js\n\/* ]]> *\/\n<\/script>","thumbnail_url":"https:\/\/vertexcommotion.ca\/wp-content\/uploads\/2025\/11\/joice-kelly-rXrMy7mXUEs-unsplash.jpg","thumbnail_width":3000,"thumbnail_height":2000,"description":"Les sympt\u00f4mes de la sph\u00e8re \u00e9motive figurent parmi les cons\u00e9quences les plus m\u00e9connues et sous-estim\u00e9es des commotions c\u00e9r\u00e9brales. Pourtant, de nombreuses \u00e9tudes d\u00e9montrent qu\u2019ils sont loin d\u2019\u00eatre rares. Une personne qui n\u2019a jamais ressenti d\u2019anxi\u00e9t\u00e9 auparavant peut soudainement d\u00e9velopper un trouble anxieux, des peurs irrationnelles, de l\u2019hypervigilance ou encore des sympt\u00f4mes d\u00e9pressifs \u00e0 la suite [&hellip;]"}